{"id":88,"date":"2011-12-09T13:57:53","date_gmt":"2011-12-09T12:57:53","guid":{"rendered":"http:\/\/www.masoch.net\/CGT\/?page_id=88"},"modified":"2017-01-16T08:52:08","modified_gmt":"2017-01-16T07:52:08","slug":"formations","status":"publish","type":"page","link":"http:\/\/www.ulcgt69villefranche.fr\/?page_id=88","title":{"rendered":"Formations"},"content":{"rendered":"<table style=\"width: 627px; height: 74px;\" width=\"627\" border=\"0\">\n<tbody>\n<tr>\n<td>\n<h1>La formation\u00a0syndicale, pourquoi ?<\/h1>\n<\/td>\n<\/tr>\n<\/tbody>\n<\/table>\n<p>\u00a0POUR ETRE EFFICACE, TOUT SIMPLEMENT<\/p>\n<p><strong><span style=\"color: #000080;\">Pour \u00e9quiper nos syndiqu\u00e9s, militants, dirigeants en savoirs et savoirs faire pour agir, mener et conduire leur activit\u00e9, remplir leur mandat.<\/span><\/strong><\/p>\n<p>\u00a0La recherche d\u2019une nouvelle efficacit\u00e9 pour le syndicalisme\u00a0est au c\u0153ur du 48<sup>\u00e8me<\/sup> congr\u00e8s de la Cgt.<\/p>\n<p>B\u00e2tir une \u00e9conomie performante pour servir le progr\u00e8s social exige d\u2019arr\u00eater de d\u00e9valoriser le travail humain. Il faut au contraire lui donner un nouveau statut qui permette de d\u00e9velopper toutes les potentialit\u00e9s des individus. La s\u00e9curit\u00e9 sociale professionnelle revendiqu\u00e9e par la CGT conjugue acc\u00e8s \u00e0 l\u2019emploi correctement r\u00e9mun\u00e9r\u00e9, d\u00e9roulement de carri\u00e8re gr\u00e2ce \u00e0 des droits attach\u00e9s \u00e0 chaque personne quelles que soient les \u00e9volutions des entreprises, et droit \u00e0 une v\u00e9ritable formation tout au long de la vie.<\/p>\n<p>Gagner de telles avanc\u00e9es sociales ne sera pas possible sans des syndiqu\u00e9s nombreux, pleinement acteurs d\u00e9cideurs.<br \/>\nParmi eux, il en faut qui assument des responsabilit\u00e9s \u00e0 tous les niveaux de l\u2019organisation. Ils et elles sont \u00e9lus sur la base de la confiance que les autres leur accordent. C\u2019est primordial.<br \/>\nCela ne dispense pas d\u2019acqu\u00e9rir les connaissances et plus largement les capacit\u00e9s indispensables \u00e0 la r\u00e9ussite de la mission qui leur est confi\u00e9e. Cela a toujours \u00e9t\u00e9 vrai.<\/p>\n<p>Aujourd\u2019hui c\u2019est devenu d\u00e9terminant.<\/p>\n<p><strong>Parce que le champ du syndicalisme s\u2019\u00e9largit, les questions se complexifient, le salariat s\u2019est beaucoup diversifi\u00e9, les techniques \u00e9voluent dans le syndicalisme comme dans la soci\u00e9t\u00e9. <\/strong><\/p>\n<p>Tout cela donne \u00e0 la formation syndicale une place nouvelle et un r\u00f4le diff\u00e9rent.<\/p>\n","protected":false},"excerpt":{"rendered":"<p>La formation\u00a0syndicale, pourquoi ? \u00a0POUR ETRE EFFICACE, TOUT SIMPLEMENT Pour \u00e9quiper nos syndiqu\u00e9s, militants, dirigeants en savoirs et savoirs faire pour agir, mener et conduire leur activit\u00e9, remplir leur mandat. \u00a0La recherche d\u2019une nouvelle efficacit\u00e9 pour le syndicalisme\u00a0est au c\u0153ur du 48\u00e8me congr\u00e8s de la Cgt. B\u00e2tir une \u00e9conomie performante pour servir le progr\u00e8s social [&hellip;]<\/p>\n","protected":false},"author":3,"featured_media":0,"parent":82,"menu_order":0,"comment_status":"closed","ping_status":"closed","template":"","meta":[],"_links":{"self":[{"href":"http:\/\/www.ulcgt69villefranche.fr\/index.php?rest_route=\/wp\/v2\/pages\/88"}],"collection":[{"href":"http:\/\/www.ulcgt69villefranche.fr\/index.php?rest_route=\/wp\/v2\/pages"}],"about":[{"href":"http:\/\/www.ulcgt69villefranche.fr\/index.php?rest_route=\/wp\/v2\/types\/page"}],"author":[{"embeddable":true,"href":"http:\/\/www.ulcgt69villefranche.fr\/index.php?rest_route=\/wp\/v2\/users\/3"}],"replies":[{"embeddable":true,"href":"http:\/\/www.ulcgt69villefranche.fr\/index.php?rest_route=%2Fwp%2Fv2%2Fcomments&post=88"}],"version-history":[{"count":7,"href":"http:\/\/www.ulcgt69villefranche.fr\/index.php?rest_route=\/wp\/v2\/pages\/88\/revisions"}],"predecessor-version":[{"id":832,"href":"http:\/\/www.ulcgt69villefranche.fr\/index.php?rest_route=\/wp\/v2\/pages\/88\/revisions\/832"}],"up":[{"embeddable":true,"href":"http:\/\/www.ulcgt69villefranche.fr\/index.php?rest_route=\/wp\/v2\/pages\/82"}],"wp:attachment":[{"href":"http:\/\/www.ulcgt69villefranche.fr\/index.php?rest_route=%2Fwp%2Fv2%2Fmedia&parent=88"}],"curies":[{"name":"wp","href":"https:\/\/api.w.org\/{rel}","templated":true}]}}