{"id":671,"date":"2012-08-03T19:45:25","date_gmt":"2012-08-03T17:45:25","guid":{"rendered":"http:\/\/www.ulcgt69villefranche.fr\/?page_id=671"},"modified":"2025-01-27T17:51:44","modified_gmt":"2025-01-27T16:51:44","slug":"liens","status":"publish","type":"page","link":"http:\/\/www.ulcgt69villefranche.fr\/?page_id=671","title":{"rendered":"Liens"},"content":{"rendered":"\n<div class=\"wp-container-1 wp-block-group\"><div class=\"wp-block-group__inner-container\">\n<p>\u00a0<\/p>\n<p><img loading=\"lazy\" class=\"alignnone  wp-image-5350\" src=\"http:\/\/www.ulcgt69villefranche.fr\/wp-content\/uploads\/2025\/01\/Logo-CGT-rond-bis-300x300.jpg\" alt=\"\" width=\"90\" height=\"90\" srcset=\"http:\/\/www.ulcgt69villefranche.fr\/wp-content\/uploads\/2025\/01\/Logo-CGT-rond-bis-300x300.jpg 300w, http:\/\/www.ulcgt69villefranche.fr\/wp-content\/uploads\/2025\/01\/Logo-CGT-rond-bis-1021x1024.jpg 1021w, http:\/\/www.ulcgt69villefranche.fr\/wp-content\/uploads\/2025\/01\/Logo-CGT-rond-bis-150x150.jpg 150w, http:\/\/www.ulcgt69villefranche.fr\/wp-content\/uploads\/2025\/01\/Logo-CGT-rond-bis-768x770.jpg 768w, http:\/\/www.ulcgt69villefranche.fr\/wp-content\/uploads\/2025\/01\/Logo-CGT-rond-bis-1531x1536.jpg 1531w, http:\/\/www.ulcgt69villefranche.fr\/wp-content\/uploads\/2025\/01\/Logo-CGT-rond-bis.jpg 1852w\" sizes=\"(max-width: 90px) 100vw, 90px\" \/> <a href=\"https:\/\/www.instagram.com\/ulcgtvillefranche_sur_saone\/\">Instagram Union Locale CGT Villefranche sur Sa\u00f4ne Beaujolais<\/a><\/p>\n<p>\u00a0<\/p>\n<p><a title=\"La CGT\" href=\"http:\/\/www.cgt.fr\" target=\"_blank\" rel=\"noopener\"><img loading=\"lazy\" class=\"wp-image-678 alignleft\" title=\"cgt\" src=\"http:\/\/www.ulcgt69villefranche.fr\/wp-content\/uploads\/2012\/07\/cgt.gif\" alt=\"\" width=\"72\" height=\"93\" \/><\/a><\/p>\n<p>\u00a0<\/p>\n<p><a title=\"La CGT\" href=\"http:\/\/www.cgt.fr\" target=\"_blank\" rel=\"noopener\">Le site de la CGT<\/a><\/p>\n<p>\u00a0<\/p>\n<p><img loading=\"lazy\" class=\"alignnone  wp-image-5351\" src=\"http:\/\/www.ulcgt69villefranche.fr\/wp-content\/uploads\/2025\/01\/Logo-UD-cgt-69.png\" alt=\"\" width=\"92\" height=\"129\" \/> <a title=\"l'Union D\u00e9partementale du Rh\u00f4ne\" href=\"https:\/\/ud69.reference-syndicale.fr\/\" target=\"_blank\" rel=\"noopener\">L&rsquo;Union D\u00e9partementale CGT du Rh\u00f4ne<\/a><\/p>\n<p>\u00a0<\/p>\n<p><a title=\"Comit\u00e9 R\u00e9gional CGT Rh\u00f4ne-Alpes\" href=\"http:\/\/www.cgtra.org\/\" target=\"_blank\" rel=\"noopener\"><img loading=\"lazy\" class=\"alignleft  wp-image-811\" title=\"CRRA\" src=\"http:\/\/www.ulcgt69villefranche.fr\/wp-content\/uploads\/2012\/08\/CRRA.png\" alt=\"\" width=\"125\" height=\"92\" \/><\/a><\/p>\n<p>\u00a0<\/p>\n<p><a title=\"Comit\u00e9 R\u00e9gional CGT Rh\u00f4ne-Alpes\" href=\"http:\/\/www.cgtra.org\/\" target=\"_blank\" rel=\"noopener\">Le Comit\u00e9 R\u00e9gional CGT Rh\u00f4ne-Alpes<\/a><\/p>\n<p>\u00a0<\/p>\n<p><a href=\"http:\/\/www.cgt.fr\/-Histoire-sociale-.html\"><img loading=\"lazy\" class=\"alignleft size-full wp-image-683\" title=\"ihs\" src=\"http:\/\/www.ulcgt69villefranche.fr\/wp-content\/uploads\/2012\/07\/ihs.jpg\" alt=\"L'Institut d'Histoire Sociale\" width=\"86\" height=\"57\" \/><\/a>\u00a0<\/p>\n<p>\u00a0\u00a0 <a href=\"https:\/\/www.ihs.cgt.fr\/\">L\u2019Institut d\u2019Histoire Sociale\u00a0de la CGT<\/a><\/p>\n<p>\u00a0<\/p>\n<p>\u00a0<a title=\"Legifrance\" href=\"http:\/\/www.legifrance.gouv.fr\/\" target=\"_blank\" rel=\"noopener\"><img loading=\"lazy\" class=\"alignleft  wp-image-687\" title=\"legifrance-14203\" src=\"http:\/\/www.ulcgt69villefranche.fr\/wp-content\/uploads\/2012\/07\/legifrance-14203.jpg\" alt=\"Legifrance\" width=\"167\" height=\"55\" \/><\/a><\/p>\n<p>\u00a0<a title=\"Legifrance\" href=\"http:\/\/www.legifrance.gouv.fr\/\" target=\"_blank\" rel=\"noopener\">Le service public de la diffusion du droit<\/a><\/p>\n<p>\u00a0<a title=\"Journal Officiel\" href=\"http:\/\/www.journal-officiel.gouv.fr\/\" target=\"_blank\" rel=\"noopener\"><img loading=\"lazy\" class=\"alignleft size-full wp-image-689\" title=\"jo-b51f1\" src=\"http:\/\/www.ulcgt69villefranche.fr\/wp-content\/uploads\/2012\/07\/jo-b51f1.jpg\" alt=\"Journal Officiel\" width=\"90\" height=\"66\" \/><\/a><\/p>\n<p>\u00a0\u00a0\u00a0\u00a0<a title=\"Journal Officiel\" href=\"http:\/\/www.journal-officiel.gouv.fr\/\" target=\"_blank\" rel=\"noopener\">Le Journal Officiel<\/a><\/p>\n<p>\u00a0<\/p>\n<\/div><\/div>\n","protected":false},"excerpt":{"rendered":"<p>\u00a0 Instagram Union Locale CGT Villefranche sur Sa\u00f4ne Beaujolais \u00a0 \u00a0 Le site de la CGT \u00a0 L&rsquo;Union D\u00e9partementale CGT du Rh\u00f4ne \u00a0 \u00a0 Le Comit\u00e9 R\u00e9gional CGT Rh\u00f4ne-Alpes \u00a0 \u00a0 \u00a0\u00a0 L\u2019Institut d\u2019Histoire Sociale\u00a0de la CGT \u00a0 \u00a0 \u00a0Le service public de la diffusion du droit \u00a0 \u00a0\u00a0\u00a0\u00a0Le Journal Officiel \u00a0<\/p>\n","protected":false},"author":3,"featured_media":0,"parent":0,"menu_order":0,"comment_status":"closed","ping_status":"closed","template":"","meta":[],"_links":{"self":[{"href":"http:\/\/www.ulcgt69villefranche.fr\/index.php?rest_route=\/wp\/v2\/pages\/671"}],"collection":[{"href":"http:\/\/www.ulcgt69villefranche.fr\/index.php?rest_route=\/wp\/v2\/pages"}],"about":[{"href":"http:\/\/www.ulcgt69villefranche.fr\/index.php?rest_route=\/wp\/v2\/types\/page"}],"author":[{"embeddable":true,"href":"http:\/\/www.ulcgt69villefranche.fr\/index.php?rest_route=\/wp\/v2\/users\/3"}],"replies":[{"embeddable":true,"href":"http:\/\/www.ulcgt69villefranche.fr\/index.php?rest_route=%2Fwp%2Fv2%2Fcomments&post=671"}],"version-history":[{"count":26,"href":"http:\/\/www.ulcgt69villefranche.fr\/index.php?rest_route=\/wp\/v2\/pages\/671\/revisions"}],"predecessor-version":[{"id":5352,"href":"http:\/\/www.ulcgt69villefranche.fr\/index.php?rest_route=\/wp\/v2\/pages\/671\/revisions\/5352"}],"wp:attachment":[{"href":"http:\/\/www.ulcgt69villefranche.fr\/index.php?rest_route=%2Fwp%2Fv2%2Fmedia&parent=671"}],"curies":[{"name":"wp","href":"https:\/\/api.w.org\/{rel}","templated":true}]}}