{"id":264,"date":"2012-01-30T14:23:33","date_gmt":"2012-01-30T14:23:33","guid":{"rendered":"http:\/\/s319008135.onlinehome.fr\/WP\/?page_id=264"},"modified":"2025-12-16T13:12:36","modified_gmt":"2025-12-16T12:12:36","slug":"documentation","status":"publish","type":"page","link":"http:\/\/www.ulcgt69villefranche.fr\/?page_id=264","title":{"rendered":"Documentation"},"content":{"rendered":"<p><a href=\"http:\/\/www.ulcgt69villefranche.fr\/wp-content\/uploads\/2012\/01\/imagesCA3VAPB3.jpg\"><img loading=\"lazy\" class=\"aligncenter size-full wp-image-499\" title=\"imagesCA3VAPB3\" src=\"http:\/\/www.ulcgt69villefranche.fr\/wp-content\/uploads\/2012\/01\/imagesCA3VAPB3.jpg\" alt=\"\" width=\"102\" height=\"84\"><\/a><\/p>\n\n\n<h2><a href=\"http:\/\/www.ulcgt69villefranche.fr\/wp-content\/uploads\/2025\/12\/0-FICHE-INTRODUCTIVE.pdf\" target=\"_blank\" rel=\"noreferrer noopener\">FICHE INTRODUCTIVE REPERES REVENDICATIF<\/a><\/h2>\n\n\n\n<h2><a href=\"http:\/\/www.ulcgt69villefranche.fr\/wp-content\/uploads\/2025\/12\/Fiche-1-Normes-sociales-europeennes-et-internationales.pdf\" target=\"_blank\" rel=\"noreferrer noopener\">Fiche 1 &#8211; Normes sociales europ\u00e9ennes et internationales<\/a><\/h2>\n\n\n\n<h2><a href=\"http:\/\/www.ulcgt69villefranche.fr\/wp-content\/uploads\/2025\/12\/Fiche-1a-Droits-des-travailleurs-migrants.pdf\" target=\"_blank\" rel=\"noreferrer noopener\">Fiche 1a &#8211; Droits des travailleurs migrants<\/a><\/h2>\n\n\n\n<h2><a href=\"http:\/\/www.ulcgt69villefranche.fr\/wp-content\/uploads\/2025\/12\/Fiche-2-Droit-a-la-paix-a-la-securite.pdf\" target=\"_blank\" rel=\"noreferrer noopener\">Fiche 2 &#8211; Droit \u00e0 la paix, \u00e0 la s\u00e9curit\u00e9<\/a><\/h2>\n\n\n\n<h2><a href=\"http:\/\/www.ulcgt69villefranche.fr\/wp-content\/uploads\/2025\/12\/Fiche-3-Egalite-dacces-et-benefice-des-droits-sans-discrimination.pdf\" target=\"_blank\" rel=\"noreferrer noopener\">Fiche 3 &#8211; Egalit\u00e9 d&rsquo;acc\u00e8s et b\u00e9n\u00e9fice des droits sans discrimination<\/a><\/h2>\n\n\n\n<h2><a href=\"http:\/\/www.ulcgt69villefranche.fr\/wp-content\/uploads\/2025\/12\/Fiche-4-egalite-femmes-Hommes.pdf\" target=\"_blank\" rel=\"noreferrer noopener\">Fiche 4 &#8211; Egalite Femmes-Hommes<\/a><\/h2>\n\n\n\n<h2><a href=\"http:\/\/www.ulcgt69villefranche.fr\/wp-content\/uploads\/2025\/12\/Fiche-5-Pour-le-droits-a-lemploi-pour-toutes-et-tous.pdf\" target=\"_blank\" rel=\"noreferrer noopener\">Fiche 5 &#8211; Pour le droits \u00e0 l&#8217;emploi pour toutes et tous<\/a><\/h2>\n\n\n\n<h2><a href=\"http:\/\/www.ulcgt69villefranche.fr\/wp-content\/uploads\/2025\/12\/Fiche-5a-Economie-sociale-et-solidaire.pdf\" target=\"_blank\" rel=\"noreferrer noopener\">Fiche 5a &#8211; Economie sociale et solidaire<\/a><\/h2>\n\n\n\n<h2><a rel=\"noreferrer noopener\" href=\"http:\/\/www.ulcgt69villefranche.fr\/wp-content\/uploads\/2025\/12\/Fiche-6-Pour-un-nouveau-statut-du-travail-salaries-Droits-individuels-et-collectifs-et-transferabilite.pdf\" target=\"_blank\">Fiche 6 &#8211; Pour un nouveau statut du travail salari\u00e9s &#8211; Droits individuels et collectifs et transf\u00e9rabilit\u00e9<\/a><\/h2>\n\n\n\n<h2><a href=\"http:\/\/www.ulcgt69villefranche.fr\/wp-content\/uploads\/2025\/12\/Fiche-7-Garantie-de-lemploi.pdf\" target=\"_blank\" rel=\"noreferrer noopener\">Fiche 7 &#8211; Garantie de l\u2019emploi<\/a><\/h2>\n\n\n\n<h2><a href=\"http:\/\/www.ulcgt69villefranche.fr\/wp-content\/uploads\/2025\/12\/Fiche-8-Insertion-sociale-et-professionnelle.pdf\" target=\"_blank\" rel=\"noreferrer noopener\">Fiche 8 &#8211; Insertion sociale et professionnelle<\/a><\/h2>\n\n\n\n<h2><a href=\"http:\/\/www.ulcgt69villefranche.fr\/wp-content\/uploads\/2025\/12\/Fiche-9-Droit-a-lindemnisation-du-chomage.pdf\" target=\"_blank\" rel=\"noreferrer noopener\">Fiche 9 &#8211; Droit \u00e0 l\u2019indemnisation du ch\u00f4mage<\/a><\/h2>\n\n\n\n<h2><a href=\"http:\/\/www.ulcgt69villefranche.fr\/wp-content\/uploads\/2025\/12\/Fiche-10-Droits-des-salaries-des-entreprises-sous-traitantes.pdf\" target=\"_blank\" rel=\"noreferrer noopener\">Fiche 10 &#8211; Droits des salari\u00e9s des entreprises sous traitantes<\/a><\/h2>\n\n\n\n<h2><a href=\"http:\/\/www.ulcgt69villefranche.fr\/wp-content\/uploads\/2025\/12\/Fiche-11-Droits-des-salaries-saisonniers.pdf\" target=\"_blank\" rel=\"noreferrer noopener\">Fiche 11 &#8211; Droits des salari\u00e9s saisonniers<\/a><\/h2>\n\n\n\n<h2><a href=\"http:\/\/www.ulcgt69villefranche.fr\/wp-content\/uploads\/2025\/12\/Fiche-12-Droit-a-un-salaire.pdf\" target=\"_blank\" rel=\"noreferrer noopener\">Fiche 12 &#8211; Droit \u00e0 un salaire<\/a><\/h2>\n\n\n\n<h2><a rel=\"noreferrer noopener\" href=\"http:\/\/www.ulcgt69villefranche.fr\/wp-content\/uploads\/2025\/12\/Fiche-12a_SALAIRE_MINI_EUROPEEN.pdf\" target=\"_blank\">Fiche 12a &#8211; Salaire minimum<\/a><a rel=\"noreferrer noopener\" href=\"http:\/\/www.ulcgt69villefranche.fr\/wp-content\/uploads\/2025\/12\/Fiche-12a_SALAIRE_MINI_EUROPEEN.pdf\" target=\"_blank\"> Europ\u00e9en<\/a><\/h2>\n\n\n\n<h2><a href=\"http:\/\/www.ulcgt69villefranche.fr\/wp-content\/uploads\/2025\/12\/Fiche-15-Droit-a-leducation-et-a-la-formation-professionnelle.pdf\" target=\"_blank\" rel=\"noreferrer noopener\">Fiche 15 &#8211; Droit \u00e0 l&rsquo;\u00e9ducation et \u00e0 la formation professionnelle<\/a><\/h2>\n\n\n\n<h2><a href=\"http:\/\/www.ulcgt69villefranche.fr\/wp-content\/uploads\/2025\/12\/Fiche-16-Temps-de-travail.pdf\" target=\"_blank\" rel=\"noreferrer noopener\">Fiche 16 &#8211; Temps de travail<\/a><\/h2>\n\n\n\n<h2><a href=\"http:\/\/www.ulcgt69villefranche.fr\/wp-content\/uploads\/2025\/12\/Fiche-17-DROIT-a-la-NEGOCIATION-DEMOCRATIE-sociale.pdf\" target=\"_blank\" rel=\"noreferrer noopener\">Fiche 17 &#8211; Droit \u00e0 la N\u00e9gociation D\u00e9mocratie sociale<\/a><\/h2>\n\n\n\n<h2><a href=\"http:\/\/www.ulcgt69villefranche.fr\/wp-content\/uploads\/2025\/12\/Fiche-18-Droit-et-liberte-dintervention-dexpression-de-la-du-salarie-e.pdf\" target=\"_blank\" rel=\"noreferrer noopener\">Fiche 18 &#8211; Droit et libert\u00e9 d&rsquo;intervention, d&rsquo;expression de la, du salari\u00e9-e<\/a><\/h2>\n\n\n\n<h2><a href=\"http:\/\/www.ulcgt69villefranche.fr\/wp-content\/uploads\/2025\/12\/Fiche-19-Droit-et-liberte-de-se-syndiquer.pdf\" target=\"_blank\" rel=\"noreferrer noopener\">Fiche 19 &#8211; Droit et libert\u00e9 de se syndiquer<\/a><\/h2>\n\n\n\n<h2><a href=\"http:\/\/www.ulcgt69villefranche.fr\/wp-content\/uploads\/2025\/12\/Fiche-20-Droit-a-la-representation-collective.pdf\" target=\"_blank\" rel=\"noreferrer noopener\">Fiche 20 &#8211; Droit \u00e0 la repr\u00e9sentation collective<\/a><\/h2>\n\n\n\n<h2><a href=\"http:\/\/www.ulcgt69villefranche.fr\/wp-content\/uploads\/2025\/12\/Fiche-21-Droit-a-la-Securite-sociale-integrale.pdf\" target=\"_blank\" rel=\"noreferrer noopener\">Fiche 21 &#8211; Droit \u00e0 la S\u00e9curit\u00e9 sociale int\u00e9grale<\/a><\/h2>\n\n\n\n<h2><a href=\"http:\/\/www.ulcgt69villefranche.fr\/wp-content\/uploads\/2025\/12\/Fiche-22-Droit-a-la-sante.pdf\" target=\"_blank\" rel=\"noreferrer noopener\">Fiche 22 &#8211; Droit \u00e0 la sant\u00e9<\/a><\/h2>\n\n\n\n<h2><a href=\"http:\/\/www.ulcgt69villefranche.fr\/wp-content\/uploads\/2025\/12\/Fiche-23-Droit-a-la-retraite.pdf\" target=\"_blank\" rel=\"noreferrer noopener\">Fiche 23 &#8211; Droit \u00e0 la retraite<\/a><\/h2>\n\n\n\n<h2><a href=\"http:\/\/www.ulcgt69villefranche.fr\/wp-content\/uploads\/2025\/12\/Fiche-24-Droit-a-une-politique-familiale-solidaire.pdf\" target=\"_blank\" rel=\"noreferrer noopener\">Fiche 24 &#8211; Droit \u00e0 une politique familiale solidaire<\/a><\/h2>\n\n\n\n<h2><a href=\"http:\/\/www.ulcgt69villefranche.fr\/wp-content\/uploads\/2025\/12\/Fiche-25a-Droit-a-la-democratie-culturelle.pdf\" target=\"_blank\" rel=\"noreferrer noopener\">Fiche 25a &#8211; Droit \u00e0 la d\u00e9mocratie culturelle<\/a><\/h2>\n\n\n\n<h2><a href=\"http:\/\/www.ulcgt69villefranche.fr\/wp-content\/uploads\/2025\/12\/Fiche-25b-Droit-a-linformation.pdf\" target=\"_blank\" rel=\"noreferrer noopener\">Fiche 25b &#8211; Droit \u00e0 l\u2019information<\/a><\/h2>\n\n\n\n<h2><a href=\"http:\/\/www.ulcgt69villefranche.fr\/wp-content\/uploads\/2025\/12\/Fiche-25c-Droit-a-la-communication.pdf\" target=\"_blank\" rel=\"noreferrer noopener\">Fiche 25c &#8211; Droit \u00e0 la communication<\/a><\/h2>\n\n\n\n<h2><a href=\"http:\/\/www.ulcgt69villefranche.fr\/wp-content\/uploads\/2025\/12\/Fiche-26-Droit-aux-vacances.pdf\" target=\"_blank\" rel=\"noreferrer noopener\">Fiche 26 &#8211; Droit aux vacances<\/a><\/h2>\n\n\n\n<h2><a href=\"http:\/\/www.ulcgt69villefranche.fr\/wp-content\/uploads\/2025\/12\/Fiche-27-Droit-aux-pratiques-sportives.pdf\" target=\"_blank\" rel=\"noreferrer noopener\">Fiche 27 &#8211; Droit aux pratiques sportives<\/a><\/h2>\n\n\n\n<h2><a href=\"http:\/\/www.ulcgt69villefranche.fr\/wp-content\/uploads\/2025\/12\/Fiche-28-Droit-au-logement-Maj-25-09-2025.pdf\" target=\"_blank\" rel=\"noreferrer noopener\">Fiche 28 &#8211; Droit au logement &#8211; Maj 25-09-2025<\/a><\/h2>\n\n\n\n<h2><a rel=\"noreferrer noopener\" href=\"http:\/\/www.ulcgt69villefranche.fr\/wp-content\/uploads\/2025\/12\/Fiche-29-Droit-aux-transports.pdf\" target=\"_blank\">Fiche 29 &#8211; Droit aux transports<\/a><\/h2>\n\n\n\n<h2><a href=\"http:\/\/www.ulcgt69villefranche.fr\/wp-content\/uploads\/2025\/12\/Fiche-30-Droit-aux-services-publics.pdf\" target=\"_blank\" rel=\"noreferrer noopener\">Fiche 30 &#8211; Droit aux services publics<\/a><\/h2>\n\n\n\n<h2><a href=\"http:\/\/www.ulcgt69villefranche.fr\/wp-content\/uploads\/2025\/12\/Fiche-31-Developpement-humain-durable.pdf\" target=\"_blank\" rel=\"noreferrer noopener\">Fiche 31 &#8211; D\u00e9veloppement humain durable<\/a><\/h2>\n\n\n\n<h2><a href=\"http:\/\/www.ulcgt69villefranche.fr\/wp-content\/uploads\/2025\/12\/Fiche-32-Responsabilite-sociale-des-entreprises.pdf\" target=\"_blank\" rel=\"noreferrer noopener\">Fiche 32 &#8211; Responsabilit\u00e9 sociale des entreprises<\/a><\/h2>\n\n\n\n<h2><a href=\"http:\/\/www.ulcgt69villefranche.fr\/wp-content\/uploads\/2025\/12\/Fiche-33-Recherche-et-developpement.pdf\" target=\"_blank\" rel=\"noreferrer noopener\">Fiche 33 &#8211; Recherche et d\u00e9veloppement<\/a><\/h2>\n\n\n\n<h2><a href=\"http:\/\/www.ulcgt69villefranche.fr\/wp-content\/uploads\/2025\/12\/Fiche-34-Droit-a-la-justice-fiscale.pdf\" target=\"_blank\" rel=\"noreferrer noopener\">Fiche 34 &#8211; Droit \u00e0 la justice fiscale<\/a><\/h2>\n\n\n\n<h2><a href=\"http:\/\/www.ulcgt69villefranche.fr\/wp-content\/uploads\/2025\/12\/Fiche-35-Financement-de-leconomie.pdf\" target=\"_blank\" rel=\"noreferrer noopener\">Fiche 35 &#8211; Financement de l\u2019\u00e9conomie<\/a><\/h2>\n\n\n\n<h2><a href=\"http:\/\/www.ulcgt69villefranche.fr\/wp-content\/uploads\/2025\/12\/Fiche-35a-Pole-financier-public.pdf\" target=\"_blank\" rel=\"noreferrer noopener\">Fiche 35a &#8211; P\u00f4le financier public<\/a><\/h2>\n\n\n\n<h2><a href=\"http:\/\/www.ulcgt69villefranche.fr\/wp-content\/uploads\/2025\/12\/Fiche-36-Droit-a-lenergie.pdf\" target=\"_blank\" rel=\"noreferrer noopener\">Fiche 36 &#8211; Droit \u00e0 l\u2019\u00e9nergie<\/a><\/h2>\n\n\n\n<p><\/p>\n\n\n\n<p><\/p>\n\n\n\n<p><\/p>\n\n\n\n<p><\/p>\n\n\n\n<p><\/p>\n\n\n\n<p><\/p>\n\n\n\n<p><\/p>\n\n\n\n<p><\/p>\n\n\n\n<p><\/p>\n\n\n\n<p><\/p>\n\n\n\n<p><\/p>\n\n\n\n<p>.<\/p>\n\n\n\n<p><\/p>\n\n\n\n<p><\/p>\n","protected":false},"excerpt":{"rendered":"<p>FICHE INTRODUCTIVE REPERES REVENDICATIF Fiche 1 &#8211; Normes sociales europ\u00e9ennes et internationales Fiche 1a &#8211; Droits des travailleurs migrants Fiche 2 &#8211; Droit \u00e0 la paix, \u00e0 la s\u00e9curit\u00e9 Fiche 3 &#8211; Egalit\u00e9 d&rsquo;acc\u00e8s et b\u00e9n\u00e9fice des droits sans discrimination Fiche 4 &#8211; Egalite Femmes-Hommes Fiche 5 &#8211; Pour le droits \u00e0 l&#8217;emploi pour toutes [&hellip;]<\/p>\n","protected":false},"author":2,"featured_media":0,"parent":88,"menu_order":0,"comment_status":"closed","ping_status":"closed","template":"","meta":[],"_links":{"self":[{"href":"http:\/\/www.ulcgt69villefranche.fr\/index.php?rest_route=\/wp\/v2\/pages\/264"}],"collection":[{"href":"http:\/\/www.ulcgt69villefranche.fr\/index.php?rest_route=\/wp\/v2\/pages"}],"about":[{"href":"http:\/\/www.ulcgt69villefranche.fr\/index.php?rest_route=\/wp\/v2\/types\/page"}],"author":[{"embeddable":true,"href":"http:\/\/www.ulcgt69villefranche.fr\/index.php?rest_route=\/wp\/v2\/users\/2"}],"replies":[{"embeddable":true,"href":"http:\/\/www.ulcgt69villefranche.fr\/index.php?rest_route=%2Fwp%2Fv2%2Fcomments&post=264"}],"version-history":[{"count":6,"href":"http:\/\/www.ulcgt69villefranche.fr\/index.php?rest_route=\/wp\/v2\/pages\/264\/revisions"}],"predecessor-version":[{"id":5827,"href":"http:\/\/www.ulcgt69villefranche.fr\/index.php?rest_route=\/wp\/v2\/pages\/264\/revisions\/5827"}],"up":[{"embeddable":true,"href":"http:\/\/www.ulcgt69villefranche.fr\/index.php?rest_route=\/wp\/v2\/pages\/88"}],"wp:attachment":[{"href":"http:\/\/www.ulcgt69villefranche.fr\/index.php?rest_route=%2Fwp%2Fv2%2Fmedia&parent=264"}],"curies":[{"name":"wp","href":"https:\/\/api.w.org\/{rel}","templated":true}]}}