{"id":262,"date":"2012-01-30T14:22:36","date_gmt":"2012-01-30T13:22:36","guid":{"rendered":"http:\/\/s319008135.onlinehome.fr\/WP\/?page_id=262"},"modified":"2026-01-13T09:05:35","modified_gmt":"2026-01-13T08:05:35","slug":"calendrier-des-formations","status":"publish","type":"page","link":"http:\/\/www.ulcgt69villefranche.fr\/?page_id=262","title":{"rendered":"Calendrier des formations"},"content":{"rendered":"<p style=\"text-align: center;\"><a href=\"http:\/\/www.ulcgt69villefranche.fr\/wp-content\/uploads\/2017\/12\/admin-ajax.jpg\"><img loading=\"lazy\" class=\"aligncenter size-full wp-image-2266\" src=\"http:\/\/www.ulcgt69villefranche.fr\/wp-content\/uploads\/2017\/12\/admin-ajax.jpg\" alt=\"\" width=\"400\" height=\"300\" srcset=\"http:\/\/www.ulcgt69villefranche.fr\/wp-content\/uploads\/2017\/12\/admin-ajax.jpg 400w, http:\/\/www.ulcgt69villefranche.fr\/wp-content\/uploads\/2017\/12\/admin-ajax-300x225.jpg 300w\" sizes=\"(max-width: 400px) 100vw, 400px\" \/><\/a><\/p>\n<h3 style=\"text-align: center;\">Le plan de Formation Syndicale 2026 UD CGT 69<\/h3>\n<h3 style=\"text-align: center;\">par\u00a0ordre Alphab\u00e9tique\u00a0et par\u00a0ordre Chronologique<\/h3>\n<h3 style=\"text-align: center;\">Pour toute question relative au plan de formation de l\u2019UD CGT 69, contacter\u00a0 : <em>formation.syndicale@cgt69.com<\/em><\/h3>\n<p>Vous trouverez \u00e9galement les\u00a0plans de formations des Unions Locales, et\u00a0ICI leurs contacts pour toute question relative \u00e0 ces formations., contacter directement les UL. (Informations de l&rsquo;UD CGT 69)<\/p>\n<p style=\"text-align: center;\"><u>PLAN DE FORMATION\u00a0 SYNDICALE 2025 UL<\/u><\/p>\n<p style=\"text-align: center;\"><strong>Calendrier 2026<\/strong><\/p>\n<p>\u00a0<\/p>\n<table style=\"height: 345px;\" width=\"865\">\n<tbody>\n<tr>\n<td style=\"text-align: center;\" width=\"168\">Du 12 au 16 Janvier 2026<\/td>\n<td width=\"446\">\u00a0\u00ab\u00a0D\u00e9velopper\u00a0\u00bb 2\u00e8me semaine (ex Niveau 2)<\/td>\n<\/tr>\n<tr>\n<td style=\"text-align: center;\" width=\"168\">Formation report\u00e9e<\/td>\n<td width=\"446\">\u00a0\u00ab\u00a0Protocoles\u00a0\u00bb\u00a0<\/td>\n<\/tr>\n<tr>\n<td style=\"text-align: center;\" width=\"168\">Formation report\u00e9e<\/td>\n<td width=\"446\">\u00a0\u00ab\u00a0NAO\u00a0\u00bb\u00a0<\/td>\n<\/tr>\n<tr>\n<td style=\"text-align: center;\" width=\"168\">Formation report\u00e9e<\/td>\n<td width=\"446\">\u00a0\u00ab\u00a0Communication\u00a0\u00bb<\/td>\n<\/tr>\n<tr>\n<td style=\"text-align: center;\" width=\"168\">Formation report\u00e9e<\/td>\n<td width=\"446\">\u00a0\u00ab\u00a0TRACT\u00a0\u00bb<\/td>\n<\/tr>\n<tr>\n<td style=\"text-align: center;\" width=\"168\">Formation report\u00e9e<\/td>\n<td width=\"446\">\u00a0\u00ab\u00a0Fiche de Paye\u00a0\u00bb<\/td>\n<\/tr>\n<tr>\n<td style=\"text-align: center;\" width=\"168\">Du 01 au 02 Juin 2026<\/td>\n<td width=\"446\">\u00a0\u00ab\u00a0S&rsquo;impliquer\u00a0\u00bb (ex FANS) <strong>Pour<\/strong> tous<strong> nouveau syndiqu\u00e9<\/strong><\/td>\n<\/tr>\n<\/tbody>\n<\/table>\n<p><!--more--><\/p>\n<p><!--more--><\/p>\n<div>\u00a0<\/div>\n<div>\u00a0<\/div>\n<div><a href=\"http:\/\/www.ulcgt69villefranche.fr\/wp-content\/uploads\/2025\/12\/demande-de-conge-pour-formation-le-02-Fevrier-2026.docx\"><strong>Demande CFESS N\u00e9gociation de Protocole<\/strong><\/a><\/div>\n<div>\u00a0<\/div>\n<div><a href=\"http:\/\/www.ulcgt69villefranche.fr\/wp-content\/uploads\/2025\/12\/candidature-PROTOCOLES.docx\"><strong>Fiche de candidature N\u00e9gociation de Protocole<\/strong><\/a><\/div>\n<div>\u00a0<\/div>\n<div><a href=\"http:\/\/www.ulcgt69villefranche.fr\/wp-content\/uploads\/2025\/12\/demande-de-conge-pour-formation-le-03-Fevrier-2026.docx\"><strong>Demande CFESS NAO N\u00e9gociation Annuelle Obligatoire<\/strong><\/a><\/div>\n<div>\u00a0<\/div>\n<div><a href=\"http:\/\/www.ulcgt69villefranche.fr\/wp-content\/uploads\/2025\/12\/Candidature-NAO.docx\"><strong>Fiche de candidature N\u00e9gociation Annuelle Obligatoire<\/strong><\/a><\/div>\n<div>\u00a0<\/div>\n<div>\u00a0<\/div>\n<div>\u00a0<\/div>\n<div><span style=\"color: #333333;\">\u00a0mail: \u00a0\u00a0<\/span><u><span style=\"color: #0000ff;\">\u00a0<a class=\"mailto-link\" tabindex=\"9999\" href=\"mailto:formationcgtvillefranche69@orange.fr\" target=\"_blank\" rel=\"noopener\">formationcgtvillefranche69@orange.fr<\/a><\/span><\/u><\/div>\n<p>\u00a0<\/p>\n<p>Inscrivez-vous d\u00e8s maintenant!<br \/><strong>DROIT A LA FORMATION SYNDICALE<\/strong><\/p>\n<ul>\n<li>Tout.e salari\u00e9.e a droit \u00e0 12 jours de cong\u00e9s de Formation \u00c9conomique Sociale et Syndicale \/ an.<\/li>\n<li>Cas particuliers du secteur priv\u00e9 :\n<ul>\n<li>Droits port\u00e9s \u00e0 18 jours pour :\n<ul>\n<li>les camarades formateurs.trices<\/li>\n<li>les camarades ayant des responsabilit\u00e9s syndicales (Secr\u00e9taire g\u00e9n\u00e9ral.e, DS, Tr\u00e9sorier.e, \u00e9lu.es\u2026)<\/li>\n<\/ul>\n<\/li>\n<li>stages SSCT : 5 jours de formation sp\u00e9cifiques pour les membres du CSE<\/li>\n<\/ul>\n<\/li>\n<\/ul>\n<p><strong>INSCRIPTIONS<\/strong><br \/><strong><u>Toutes les fiches et mod\u00e8les de courriers<\/u><\/strong><strong> n\u00e9cessaires \u00e0 votre demande sont disponibles en cliquant sur les liens ci-dessous.<\/strong><br \/>Les documents propres \u00e0 chaque formation vous seront communiqu\u00e9s \u00e0 nouveau\u00a0 en temps et heure.<\/p>\n<p>Vous devez compl\u00e9ter et renvoyer \u00e0 l\u2019UL :<br \/><strong>\u25ba <a href=\"http:\/\/www.ulcgt69villefranche.fr\/wp-content\/uploads\/2025\/04\/candidature-DS.docx\">La Fiche d\u2019inscription <\/a><\/strong>pour <strong>\u00ab\u00a0D\u00e9l\u00e9gu\u00e9 Syndical\u00a0\u00bb<\/strong> <strong>r\u00e9serv\u00e9 en priorit\u00e9 aux DS<\/strong><\/p>\n<p><strong>\u25ba <a href=\"http:\/\/www.ulcgt69villefranche.fr\/wp-content\/uploads\/2025\/04\/candidature-SIMPLIQUER.docx\">La Fiche d\u2019inscription <\/a><\/strong>pour <strong>\u00ab\u00a0S&rsquo;impliquer\u00a0\u00bb (ex FANS) Pour tous nouveau syndiqu\u00e9<\/strong><\/p>\n<p>Vous devez aussi pr\u00e9venir votre employeur de votre absence\u00a0<strong>30 jours avant le d\u00e9but du stage<\/strong>.<\/p>\n<p><strong>\u00a0\u25ba Mod\u00e8les de demande de cong\u00e9s \u00e0 envoyer \u00e0 l\u2019employeur<\/strong>\u00a0au moins 30 jours avant le stage :<\/p>\n<ul>\n<li><strong>Pour le stage \u00ab\u00a0D\u00e9l\u00e9gu\u00e9 Syndical\u00a0\u00bb : <a href=\"http:\/\/www.ulcgt69villefranche.fr\/wp-content\/uploads\/2025\/04\/demande-de-conge-pour-formation-DS.docx\">Demande de cong\u00e9 pour formation DS<\/a><\/strong><\/li>\n<li><strong>Pour le stage \u00ab\u00a0S&rsquo;impliquer\u00a0\u00bb (ex FANS)<\/strong> : <strong><a href=\"http:\/\/www.ulcgt69villefranche.fr\/wp-content\/uploads\/2025\/04\/modele-demande-CFESS-SIMPLIQUER.docx\">Mod\u00e8le de demande CFESS S&rsquo;IMPLIQUER<\/a><\/strong><\/li>\n<\/ul>\n<ul>\n<li><strong>Dans le cas d\u2019un stage ECO CSE*<\/strong>\u00a0(salari\u00e9s de droit priv\u00e9) :\u00a0<a href=\"http:\/\/ud38.reference-syndicale.fr\/files\/2019\/01\/modele-demande-de-conge-formation-ECO-CSE-2019.pdf\">mod\u00e8le demande de cong\u00e9 formation ECO CSE<\/a><\/li>\n<li><strong>Dans le cas d\u2019un stage SSCT**<\/strong> (salari\u00e9s de droit priv\u00e9)\u00a0 ATTENTION :\n<ul>\n<li>Entreprise de moins de 300 salari\u00e9s :\u00a0<\/li>\n<li>Entreprise de plus de 300 salari\u00e9s :\u00a0<\/li>\n<\/ul>\n<\/li>\n<li><strong>Pour tout autre stage<\/strong>\n<ul>\n<li>Salari\u00e9s du priv\u00e9 :\u00a0<a href=\"http:\/\/ud38.reference-syndicale.fr\/files\/2019\/01\/Mod%C3%A8le-2019-de-demande-de-cong%C3%A9-FESS-salari%C3%A9-stagiaire.docx\">demande de cong\u00e9 FESS salari\u00e9<\/a><\/li>\n<li>Fonction publique d\u2019\u00c9tat :\u00a0<a href=\"http:\/\/ud38.reference-syndicale.fr\/files\/2020\/12\/Mod%C3%A8le-2020-de-demande-de-cong%C3%A9-FESS-fonction-publique-d%C3%A9tat.docx\">demande de cong\u00e9 FESS fonction publique d\u2019\u00e9tat<\/a><\/li>\n<li>Fonction publique Territoriale :\u00a0<a href=\"http:\/\/ud38.reference-syndicale.fr\/files\/2020\/12\/Mod%C3%A8le-2020-de-demand%C3%A9-de-cong%C3%A9-FESS-fonction-publique-territoriale.docx\">\u00a0demande\u00a0de cong\u00e9 FESS fonction publique territoriale<\/a><\/li>\n<li>Fonction publique hospitali\u00e8re :<a href=\"http:\/\/ud38.reference-syndicale.fr\/files\/2020\/12\/Mod%C3%A8le-2020-de-demande-de-cong%C3%A9-FESS-Fonction-publique-hospitali%C3%A8re.docx\">demande de cong\u00e9 FESS Fonction publique hospitali\u00e8re<\/a><\/li>\n<\/ul>\n<\/li>\n<\/ul>\n<p><strong>TARIFS<\/strong><br \/><strong>Dans le cas g\u00e9n\u00e9ral<\/strong>\u00a0: 30\u20ac\/jour\/stagiaires, factur\u00e9s au syndicat<\/p>\n<ul>\n<li><strong>Formation \u00e9conomique des \u00e9lu.e.s CSE<\/strong>\u00a0: financ\u00e9e par le budget du CSE pour l\u00e9 \u00e9lu.es titulaires. Nous vous faisons parvenir un devis apr\u00e8s r\u00e9ception du bulletin d\u2019inscription. Pour les suppl\u00e9ant.es, tarif normal sauf si accord plus favorable de l\u2019entreprise.<\/li>\n<li><strong>Formation SSCT des \u00e9lu.e.s CSE<\/strong>\u00a0: financ\u00e9e par employeur pour tous les titulaires et suppl\u00e9ant.es, m\u00eame hors commission SSCT.<\/li>\n<\/ul>\n<p>N\u2019h\u00e9sitez pas \u00e0 nous contacter si vous avez besoin de renseignements de tout ordre, y compris pour le financement.<\/p>\n<p><u>T\u00e9l\u00e9phone de l\u2019UL<\/u>\u00a0: 04 74 65 25 31<\/p>\n<p>E-Mail de formation: <a href=\"mailto:formationcgtvillefranche69@orange.fr\">formationcgtvillefranche69@orange.fr<\/a><\/p>\n<p>G\u00e9rald Jolivet, Jean-Marc Bon,\u00a0 \u2013 P\u00f4le de la formation syndicale<\/p>\n\n\n<p><\/p>\n","protected":false},"excerpt":{"rendered":"<p>Le plan de Formation Syndicale 2026 UD CGT 69 par\u00a0ordre Alphab\u00e9tique\u00a0et par\u00a0ordre Chronologique Pour toute question relative au plan de formation de l\u2019UD CGT 69, contacter\u00a0 : formation.syndicale@cgt69.com Vous trouverez \u00e9galement les\u00a0plans de formations des Unions Locales, et\u00a0ICI leurs contacts pour toute question relative \u00e0 ces formations., contacter directement les UL. (Informations de l&rsquo;UD CGT [&hellip;]<\/p>\n","protected":false},"author":3,"featured_media":0,"parent":88,"menu_order":0,"comment_status":"closed","ping_status":"closed","template":"","meta":[],"_links":{"self":[{"href":"http:\/\/www.ulcgt69villefranche.fr\/index.php?rest_route=\/wp\/v2\/pages\/262"}],"collection":[{"href":"http:\/\/www.ulcgt69villefranche.fr\/index.php?rest_route=\/wp\/v2\/pages"}],"about":[{"href":"http:\/\/www.ulcgt69villefranche.fr\/index.php?rest_route=\/wp\/v2\/types\/page"}],"author":[{"embeddable":true,"href":"http:\/\/www.ulcgt69villefranche.fr\/index.php?rest_route=\/wp\/v2\/users\/3"}],"replies":[{"embeddable":true,"href":"http:\/\/www.ulcgt69villefranche.fr\/index.php?rest_route=%2Fwp%2Fv2%2Fcomments&post=262"}],"version-history":[{"count":69,"href":"http:\/\/www.ulcgt69villefranche.fr\/index.php?rest_route=\/wp\/v2\/pages\/262\/revisions"}],"predecessor-version":[{"id":5861,"href":"http:\/\/www.ulcgt69villefranche.fr\/index.php?rest_route=\/wp\/v2\/pages\/262\/revisions\/5861"}],"up":[{"embeddable":true,"href":"http:\/\/www.ulcgt69villefranche.fr\/index.php?rest_route=\/wp\/v2\/pages\/88"}],"wp:attachment":[{"href":"http:\/\/www.ulcgt69villefranche.fr\/index.php?rest_route=%2Fwp%2Fv2%2Fmedia&parent=262"}],"curies":[{"name":"wp","href":"https:\/\/api.w.org\/{rel}","templated":true}]}}