{"id":181,"date":"2011-12-09T14:51:00","date_gmt":"2011-12-09T14:51:00","guid":{"rendered":"http:\/\/www.masoch.net\/CGT\/?page_id=181"},"modified":"2025-08-25T16:53:12","modified_gmt":"2025-08-25T14:53:12","slug":"questions","status":"publish","type":"page","link":"http:\/\/www.ulcgt69villefranche.fr\/?page_id=181","title":{"rendered":"Questions ?"},"content":{"rendered":"<h2>Foire aux questions<\/h2>\n<p><strong>La CGT qu&rsquo;est ce que \u00e7a veut dire ?<\/strong><br \/>\nLe sigle CGT signifie\u00a0<strong>C<\/strong>onf\u00e9d\u00e9ration <strong>G<\/strong>\u00e9n\u00e9rale du <strong>T<\/strong>ravail<\/p>\n<dl class=\"styled\" data-once=\"ckeditorAccordions\">\n<dt class=\"active\"><a id=\"LaCGT\" class=\"ckeditor-accordion-toggler\" href=\"https:\/\/www.cgt.fr\/rejoindre#LaCGT\">La CGT ?<\/a><\/dt>\n<dd class=\"active\">La Conf\u00e9d\u00e9ration g\u00e9n\u00e9rale du travail est ouverte \u00e0 tous les salari\u00e9s, femmes et hommes, actifs, priv\u00e9s d\u2019emploi et retrait\u00e9s, quels que soient leurs statuts social et professionnel, leur nationalit\u00e9, leurs opinions politiques, philosophiques et religieuses.<\/p>\n<p>Son but est de d\u00e9fendre avec eux leurs droits et int\u00e9r\u00eats professionnels, moraux et mat\u00e9riels, sociaux et \u00e9conomiques, individuels et collectifs.<\/p>\n<p>Prenant en compte l\u2019antagonisme fondamental et les conflits d\u2019int\u00e9r\u00eats entre salari\u00e9s et patronat, entre besoins et profits, elle combat l\u2019exploitation capitaliste et toutes les formes d\u2019exploitation du salariat. C\u2019est ce qui fonde son caract\u00e8re de masse et de classe.<\/p>\n<p>L\u2019action syndicale rev\u00eatant des formes diverses pouvant aller jusqu\u2019\u00e0 la gr\u00e8ve d\u00e9cid\u00e9e par les salari\u00e9s eux-m\u00eames, la CGT agit pour que le droit de gr\u00e8ve, libert\u00e9 fondamentale, ne soit pas remis en cause par quelque disposition que ce soit.<\/p>\n<p>Elle agit pour un syndicalisme d\u00e9mocratique, unitaire et ind\u00e9pendant au service des revendications des salari\u00e9s.Elle contribue \u00e0 la construction d\u2019une soci\u00e9t\u00e9 solidaire, d\u00e9mocratique, de justice, d\u2019\u00e9galit\u00e9 et de libert\u00e9 qui r\u00e9ponde aux besoins et \u00e0 l\u2019\u00e9panouissement individuel et collectif des hommes et des femmes.<\/p>\n<p>Elle milite en faveur des droits de l\u2019homme et de la paix.Elle intervient sur les probl\u00e8mes de soci\u00e9t\u00e9 et d\u2019environnement \u00e0 partir des principes qu\u2019elle affirme et de l\u2019int\u00e9r\u00eat des salari\u00e9s. Elle agit pour ces objectifs en France, en Europe et dans le monde.<\/dd>\n<\/dl>\n<dl class=\"styled\" data-once=\"ckeditorAccordions\">\n<dt class=\"active\"><a id=\"POURQUOIMESYNDIQUERLACGT\" class=\"ckeditor-accordion-toggler\" href=\"https:\/\/www.cgt.fr\/rejoindre#POURQUOIMESYNDIQUERLACGT\">POURQUOI ME SYNDIQUER \u00c0 LA CGT\u00a0?<\/a><\/dt>\n<dd class=\"active\">La CGT a vocation de d\u00e9fendre les int\u00e9r\u00eats individuels et collectifs des salari\u00e9s. Dans un contexte de recherche de \u00ab\u00a0r\u00e9duction du co\u00fbt du travail\u00a0\u00bb, nous constatons que nous n\u2019avons pas les m\u00eames int\u00e9r\u00eats que nos employeurs. Nous pensons que si nous prenons nos affaires en main, nous pouvons faire changer les choses. Dans beaucoup de services ou d\u2019entreprises, l\u2019action collective a permis des avanc\u00e9es en mati\u00e8re de salaires, de conditions de travail, de lutte contre la pr\u00e9carit\u00e9\u2026 Force est de constater que plus les syndiqu\u00e9s sont nombreux, plus l\u2019ensemble des pr\u00e9occupations sont embrass\u00e9es par le syndicat, c\u2019est-\u00e0-dire les syndiqu\u00e9s pris collectivement.<\/dd>\n<\/dl>\n<dl class=\"styled\" data-once=\"ckeditorAccordions\">\n<dt class=\"active\"><a id=\"TROUVERAISJEMAPLACEDANSLACGT\" class=\"ckeditor-accordion-toggler\" href=\"https:\/\/www.cgt.fr\/rejoindre#TROUVERAISJEMAPLACEDANSLACGT\">TROUVERAIS-JE MA PLACE DANS LA CGT\u00a0?<\/a><\/dt>\n<dd class=\"active\">\u00catre syndiqu\u00e9, c\u2019est apporter ses connaissances, ses comp\u00e9tences au collectif. Tu prendras la place que tu auras envie de prendre, avec le degr\u00e9 d\u2019investissement qui sera le tien. Tous les salari\u00e9s ont leur place dans le syndicat. Chacun compte pour un et ce sont les adh\u00e9rents qui d\u00e9cident dans le respect de la d\u00e9mocratie et des statuts de l\u2019organisation.<\/dd>\n<\/dl>\n<dl class=\"styled\" data-once=\"ckeditorAccordions\">\n<dt class=\"active\"><a id=\"MESYNDIQUERQUESTCEQUEAMAPPORTE\" class=\"ckeditor-accordion-toggler\" href=\"https:\/\/www.cgt.fr\/rejoindre#MESYNDIQUERQUESTCEQUEAMAPPORTE\">ME SYNDIQUER, QU&rsquo;EST-CE QUE \u00c7A M&rsquo;APPORTE\u00a0?<\/a><\/dt>\n<dd class=\"active\">Individuellement et collectivement, nous faisons valoir nos droits (Code du travail, convention collective, accords d\u2019entreprise, contrat de travail\u2026). En outre, le syndiqu\u00e9 a le droit \u00e0 des informations particuli\u00e8res (presses syndicales, informations juridiques, assistance\u2026). Nous proposons \u00e9galement des formations syndicales dont les objectifs sont de faciliter la compr\u00e9hension des sujets \u00e9conomiques et sociaux. Il s\u2019agit aussi d\u2019aider tout syndiqu\u00e9 \u00e0 se doter des comp\u00e9tences lui permettant de faciliter son investissement dans l\u2019activit\u00e9 syndicale et donc la prise de responsabilit\u00e9. \u00catre syndiqu\u00e9, c\u2019est aussi et surtout \u00eatre acteur de l\u2019am\u00e9lioration des conditions de travail et de vie au travail..<\/dd>\n<\/dl>\n<dl class=\"styled\" data-once=\"ckeditorAccordions\">\n<dt class=\"active\"><a id=\"QUOISERTLARGENTDEMACOTISATION\" class=\"ckeditor-accordion-toggler\" href=\"https:\/\/www.cgt.fr\/rejoindre#QUOISERTLARGENTDEMACOTISATION\">\u00c0 QUOI SERT L\u2019ARGENT DE MA COTISATION ?<\/a><\/dt>\n<dd class=\"active\">Le syst\u00e8me de cotisations repose sur un principe de financement n\u00e9cessaire pour se donner les moyens de l\u2019action collective. La cotisation sert \u00e0 l\u2019expression et au fonctionnement de l\u2019organisation (tracts, affiches, formations syndicales, r\u00e9unions\u2026). Elle contribue au financement solidaire de la CGT \u00e0 travers ses organisations \u00e0 tous les niveaux, ainsi qu\u2019\u00e0 la solidarit\u00e9 avec des secteurs en lutte. Enfin, elle participe de l\u2019ind\u00e9pendance de la CGT vis-\u00e0-vis des partis politiques, de l\u2019\u00c9tat ou de groupes de pression. La cotisation repr\u00e9sente 1 % de la r\u00e9mun\u00e9ration nette. Elle est d\u00e9ductible \u00e0 66 % des imp\u00f4t et donne un cr\u00e9dit d&rsquo;imp\u00f4t restituable pour les personnes non imposables.<\/dd>\n<\/dl>\n<dl class=\"styled\" data-once=\"ckeditorAccordions\">\n<dt class=\"active\"><a id=\"ESTCEQUEMONEMPLOYEURSERAINFORMDEMONADHSION\" class=\"ckeditor-accordion-toggler\" href=\"https:\/\/www.cgt.fr\/rejoindre#ESTCEQUEMONEMPLOYEURSERAINFORMDEMONADHSION\">EST-CE QUE MON EMPLOYEUR SERA INFORM\u00c9 DE MON ADH\u00c9SION ?<\/a><\/dt>\n<dd class=\"active\">L\u2019adh\u00e9sion \u00e0 une organisation syndicale est une d\u00e9marche individuelle et confidentielle. En aucun cas, la CGT ne communique ni ne transmet les informations sur ses adh\u00e9rents.<\/dd>\n<\/dl>\n","protected":false},"excerpt":{"rendered":"<p>Foire aux questions La CGT qu&rsquo;est ce que \u00e7a veut dire ? Le sigle CGT signifie\u00a0Conf\u00e9d\u00e9ration G\u00e9n\u00e9rale du Travail La CGT ? La Conf\u00e9d\u00e9ration g\u00e9n\u00e9rale du travail est ouverte \u00e0 tous les salari\u00e9s, femmes et hommes, actifs, priv\u00e9s d\u2019emploi et retrait\u00e9s, quels que soient leurs statuts social et professionnel, leur nationalit\u00e9, leurs opinions politiques, philosophiques [&hellip;]<\/p>\n","protected":false},"author":2,"featured_media":0,"parent":0,"menu_order":0,"comment_status":"closed","ping_status":"closed","template":"","meta":[],"_links":{"self":[{"href":"http:\/\/www.ulcgt69villefranche.fr\/index.php?rest_route=\/wp\/v2\/pages\/181"}],"collection":[{"href":"http:\/\/www.ulcgt69villefranche.fr\/index.php?rest_route=\/wp\/v2\/pages"}],"about":[{"href":"http:\/\/www.ulcgt69villefranche.fr\/index.php?rest_route=\/wp\/v2\/types\/page"}],"author":[{"embeddable":true,"href":"http:\/\/www.ulcgt69villefranche.fr\/index.php?rest_route=\/wp\/v2\/users\/2"}],"replies":[{"embeddable":true,"href":"http:\/\/www.ulcgt69villefranche.fr\/index.php?rest_route=%2Fwp%2Fv2%2Fcomments&post=181"}],"version-history":[{"count":9,"href":"http:\/\/www.ulcgt69villefranche.fr\/index.php?rest_route=\/wp\/v2\/pages\/181\/revisions"}],"predecessor-version":[{"id":5578,"href":"http:\/\/www.ulcgt69villefranche.fr\/index.php?rest_route=\/wp\/v2\/pages\/181\/revisions\/5578"}],"wp:attachment":[{"href":"http:\/\/www.ulcgt69villefranche.fr\/index.php?rest_route=%2Fwp%2Fv2%2Fmedia&parent=181"}],"curies":[{"name":"wp","href":"https:\/\/api.w.org\/{rel}","templated":true}]}}